{"id":2,"date":"2013-05-15T06:34:08","date_gmt":"2013-05-15T06:34:08","guid":{"rendered":"http:\/\/www.fg-berlin.eu\/blogs\/?page_id=2"},"modified":"2015-04-23T15:52:38","modified_gmt":"2015-04-23T14:52:38","slug":"a-propos","status":"publish","type":"page","link":"https:\/\/www.fg-berlin.eu\/blogs\/","title":{"rendered":"A propos des blogs fg-berlin.eu"},"content":{"rendered":"<p>Les <a href=\"http:\/\/blogs.fg-berlin.eu\">blogs<\/a> sont \u00e0 la disposition des enseignants pour accueillir divers projets de classe.<\/p>\n<p>Vous retrouverez sur ces blogs des expos\u00e9s et travaux effectu\u00e9s dans le cadre des cours, des carnets de voyages de classes,\u00a0des articles traitant d&rsquo;\u00e9v\u00e9nements\u00a0particuliers.<\/p>\n<p>Bonne visite !<\/p>\n","protected":false},"excerpt":{"rendered":"<p>Les blogs sont \u00e0 la disposition des enseignants pour accueillir divers projets de classe. Vous retrouverez sur ces blogs des expos\u00e9s et travaux effectu\u00e9s dans le cadre des cours, des carnets de voyages de classes,\u00a0des articles traitant d&rsquo;\u00e9v\u00e9nements\u00a0particuliers. Bonne visite !<\/p>\n","protected":false},"author":2,"featured_media":0,"parent":0,"menu_order":0,"comment_status":"closed","ping_status":"closed","template":"","meta":{"footnotes":""},"class_list":["post-2","page","type-page","status-publish","hentry"],"_links":{"self":[{"href":"https:\/\/www.fg-berlin.eu\/blogs\/wp-json\/wp\/v2\/pages\/2","targetHints":{"allow":["GET"]}}],"collection":[{"href":"https:\/\/www.fg-berlin.eu\/blogs\/wp-json\/wp\/v2\/pages"}],"about":[{"href":"https:\/\/www.fg-berlin.eu\/blogs\/wp-json\/wp\/v2\/types\/page"}],"author":[{"embeddable":true,"href":"https:\/\/www.fg-berlin.eu\/blogs\/wp-json\/wp\/v2\/users\/2"}],"replies":[{"embeddable":true,"href":"https:\/\/www.fg-berlin.eu\/blogs\/wp-json\/wp\/v2\/comments?post=2"}],"version-history":[{"count":3,"href":"https:\/\/www.fg-berlin.eu\/blogs\/wp-json\/wp\/v2\/pages\/2\/revisions"}],"predecessor-version":[{"id":67,"href":"https:\/\/www.fg-berlin.eu\/blogs\/wp-json\/wp\/v2\/pages\/2\/revisions\/67"}],"wp:attachment":[{"href":"https:\/\/www.fg-berlin.eu\/blogs\/wp-json\/wp\/v2\/media?parent=2"}],"curies":[{"name":"wp","href":"https:\/\/api.w.org\/{rel}","templated":true}]}}