{"id":2,"date":"2020-11-11T21:37:17","date_gmt":"2020-11-11T20:37:17","guid":{"rendered":"http:\/\/www.fg-berlin.eu\/blogs\/langues-anciennes\/?page_id=2"},"modified":"2020-11-21T13:36:17","modified_gmt":"2020-11-21T12:36:17","slug":"programmes-du-lycee","status":"publish","type":"page","link":"https:\/\/www.fg-berlin.eu\/blogs\/langues-anciennes\/programmes-du-lycee\/","title":{"rendered":"Programmes du lyc\u00e9e"},"content":{"rendered":"\n<p>Vous pouvez ici t\u00e9l\u00e9charger les <strong>fiches<\/strong> r\u00e9sumant le programme de chacune des classes de lyc\u00e9e, de la 10. \u00e0 la 12.<\/p>\n\n\n\n<div class=\"wp-block-file\"><a href=\"https:\/\/www.fg-berlin.eu\/blogs\/langues-anciennes\/wp-content\/uploads\/sites\/31\/2020\/11\/fiche-programme-portfolio-eleves-10e.pdf\">fiche-programme-portfolio-eleves-10e<\/a><a href=\"https:\/\/www.fg-berlin.eu\/blogs\/langues-anciennes\/wp-content\/uploads\/sites\/31\/2020\/11\/fiche-programme-portfolio-eleves-10e.pdf\" class=\"wp-block-file__button\" download>T\u00e9l\u00e9charger<\/a><\/div>\n\n\n\n<div class=\"wp-block-file\"><a href=\"https:\/\/www.fg-berlin.eu\/blogs\/langues-anciennes\/wp-content\/uploads\/sites\/31\/2020\/11\/fiche-programme-portfolio-eleves-11e.pdf\">fiche-programme-portfolio-eleves-11e<\/a><a href=\"https:\/\/www.fg-berlin.eu\/blogs\/langues-anciennes\/wp-content\/uploads\/sites\/31\/2020\/11\/fiche-programme-portfolio-eleves-11e.pdf\" class=\"wp-block-file__button\" download>T\u00e9l\u00e9charger<\/a><\/div>\n\n\n\n<div class=\"wp-block-file\"><a href=\"https:\/\/www.fg-berlin.eu\/blogs\/langues-anciennes\/wp-content\/uploads\/sites\/31\/2020\/11\/fiche-programme-portfolio-eleves-12e.pdf\">fiche-programme-portfolio-eleves-12e<\/a><a href=\"https:\/\/www.fg-berlin.eu\/blogs\/langues-anciennes\/wp-content\/uploads\/sites\/31\/2020\/11\/fiche-programme-portfolio-eleves-12e.pdf\" class=\"wp-block-file__button\" download>T\u00e9l\u00e9charger<\/a><\/div>\n\n\n\n<hr class=\"wp-block-separator\" \/>\n\n\n\n<p>Ici, un fichier d\u00e9taillant le <strong>programme de seconde\/10. Kl<\/strong> et sa mise en \u0153uvre pour le cours de latin et le cours de grec&nbsp;:<\/p>\n\n\n\n<div class=\"wp-block-file\"><a href=\"https:\/\/www.fg-berlin.eu\/blogs\/langues-anciennes\/wp-content\/uploads\/sites\/31\/2020\/11\/Programmes.pdf\">Programme-seconde<\/a><a href=\"https:\/\/www.fg-berlin.eu\/blogs\/langues-anciennes\/wp-content\/uploads\/sites\/31\/2020\/11\/Programmes.pdf\" class=\"wp-block-file__button\" download>T\u00e9l\u00e9charger<\/a><\/div>\n\n\n\n<figure class=\"wp-block-gallery aligncenter columns-3 is-cropped wp-block-gallery-1 is-layout-flex wp-block-gallery-is-layout-flex\"><ul class=\"blocks-gallery-grid\"><li class=\"blocks-gallery-item\"><figure><img loading=\"lazy\" decoding=\"async\" width=\"1024\" height=\"768\" src=\"https:\/\/www.fg-berlin.eu\/blogs\/langues-anciennes\/wp-content\/uploads\/sites\/31\/2020\/11\/Programmes.002.jpeg\" alt=\"\" data-id=\"291\" data-full-url=\"https:\/\/www.fg-berlin.eu\/blogs\/langues-anciennes\/wp-content\/uploads\/sites\/31\/2020\/11\/Programmes.002.jpeg\" data-link=\"https:\/\/www.fg-berlin.eu\/blogs\/langues-anciennes\/programmes-du-lycee\/programmes-002\/\" class=\"wp-image-291\" srcset=\"https:\/\/www.fg-berlin.eu\/blogs\/langues-anciennes\/wp-content\/uploads\/sites\/31\/2020\/11\/Programmes.002.jpeg 1024w, https:\/\/www.fg-berlin.eu\/blogs\/langues-anciennes\/wp-content\/uploads\/sites\/31\/2020\/11\/Programmes.002-300x225.jpeg 300w, https:\/\/www.fg-berlin.eu\/blogs\/langues-anciennes\/wp-content\/uploads\/sites\/31\/2020\/11\/Programmes.002-768x576.jpeg 768w\" sizes=\"auto, (max-width: 1024px) 100vw, 1024px\" \/><\/figure><\/li><li class=\"blocks-gallery-item\"><figure><img loading=\"lazy\" decoding=\"async\" width=\"1024\" height=\"768\" src=\"https:\/\/www.fg-berlin.eu\/blogs\/langues-anciennes\/wp-content\/uploads\/sites\/31\/2020\/11\/Programmes.003.jpeg\" alt=\"\" data-id=\"290\" data-full-url=\"https:\/\/www.fg-berlin.eu\/blogs\/langues-anciennes\/wp-content\/uploads\/sites\/31\/2020\/11\/Programmes.003.jpeg\" data-link=\"https:\/\/www.fg-berlin.eu\/blogs\/langues-anciennes\/programmes-du-lycee\/programmes-003\/\" class=\"wp-image-290\" srcset=\"https:\/\/www.fg-berlin.eu\/blogs\/langues-anciennes\/wp-content\/uploads\/sites\/31\/2020\/11\/Programmes.003.jpeg 1024w, https:\/\/www.fg-berlin.eu\/blogs\/langues-anciennes\/wp-content\/uploads\/sites\/31\/2020\/11\/Programmes.003-300x225.jpeg 300w, https:\/\/www.fg-berlin.eu\/blogs\/langues-anciennes\/wp-content\/uploads\/sites\/31\/2020\/11\/Programmes.003-768x576.jpeg 768w\" sizes=\"auto, (max-width: 1024px) 100vw, 1024px\" \/><\/figure><\/li><li class=\"blocks-gallery-item\"><figure><img loading=\"lazy\" decoding=\"async\" width=\"1024\" height=\"768\" src=\"https:\/\/www.fg-berlin.eu\/blogs\/langues-anciennes\/wp-content\/uploads\/sites\/31\/2020\/11\/Programmes.004.jpeg\" alt=\"\" data-id=\"289\" data-full-url=\"https:\/\/www.fg-berlin.eu\/blogs\/langues-anciennes\/wp-content\/uploads\/sites\/31\/2020\/11\/Programmes.004.jpeg\" data-link=\"https:\/\/www.fg-berlin.eu\/blogs\/langues-anciennes\/programmes-du-lycee\/programmes-004\/\" class=\"wp-image-289\" srcset=\"https:\/\/www.fg-berlin.eu\/blogs\/langues-anciennes\/wp-content\/uploads\/sites\/31\/2020\/11\/Programmes.004.jpeg 1024w, https:\/\/www.fg-berlin.eu\/blogs\/langues-anciennes\/wp-content\/uploads\/sites\/31\/2020\/11\/Programmes.004-300x225.jpeg 300w, https:\/\/www.fg-berlin.eu\/blogs\/langues-anciennes\/wp-content\/uploads\/sites\/31\/2020\/11\/Programmes.004-768x576.jpeg 768w\" sizes=\"auto, (max-width: 1024px) 100vw, 1024px\" \/><\/figure><\/li><li class=\"blocks-gallery-item\"><figure><img loading=\"lazy\" decoding=\"async\" width=\"1024\" height=\"768\" src=\"https:\/\/www.fg-berlin.eu\/blogs\/langues-anciennes\/wp-content\/uploads\/sites\/31\/2020\/11\/Programmes.008.jpeg\" alt=\"\" data-id=\"285\" data-full-url=\"https:\/\/www.fg-berlin.eu\/blogs\/langues-anciennes\/wp-content\/uploads\/sites\/31\/2020\/11\/Programmes.008.jpeg\" data-link=\"https:\/\/www.fg-berlin.eu\/blogs\/langues-anciennes\/programmes-du-lycee\/programmes-008\/\" class=\"wp-image-285\" srcset=\"https:\/\/www.fg-berlin.eu\/blogs\/langues-anciennes\/wp-content\/uploads\/sites\/31\/2020\/11\/Programmes.008.jpeg 1024w, https:\/\/www.fg-berlin.eu\/blogs\/langues-anciennes\/wp-content\/uploads\/sites\/31\/2020\/11\/Programmes.008-300x225.jpeg 300w, https:\/\/www.fg-berlin.eu\/blogs\/langues-anciennes\/wp-content\/uploads\/sites\/31\/2020\/11\/Programmes.008-768x576.jpeg 768w\" sizes=\"auto, (max-width: 1024px) 100vw, 1024px\" \/><\/figure><\/li><li class=\"blocks-gallery-item\"><figure><img loading=\"lazy\" decoding=\"async\" width=\"1024\" height=\"768\" src=\"https:\/\/www.fg-berlin.eu\/blogs\/langues-anciennes\/wp-content\/uploads\/sites\/31\/2020\/11\/Programmes.007.jpeg\" alt=\"\" data-id=\"286\" data-full-url=\"https:\/\/www.fg-berlin.eu\/blogs\/langues-anciennes\/wp-content\/uploads\/sites\/31\/2020\/11\/Programmes.007.jpeg\" data-link=\"https:\/\/www.fg-berlin.eu\/blogs\/langues-anciennes\/programmes-du-lycee\/programmes-007\/\" class=\"wp-image-286\" srcset=\"https:\/\/www.fg-berlin.eu\/blogs\/langues-anciennes\/wp-content\/uploads\/sites\/31\/2020\/11\/Programmes.007.jpeg 1024w, https:\/\/www.fg-berlin.eu\/blogs\/langues-anciennes\/wp-content\/uploads\/sites\/31\/2020\/11\/Programmes.007-300x225.jpeg 300w, https:\/\/www.fg-berlin.eu\/blogs\/langues-anciennes\/wp-content\/uploads\/sites\/31\/2020\/11\/Programmes.007-768x576.jpeg 768w\" sizes=\"auto, (max-width: 1024px) 100vw, 1024px\" \/><\/figure><\/li><li class=\"blocks-gallery-item\"><figure><img loading=\"lazy\" decoding=\"async\" width=\"1024\" height=\"768\" src=\"https:\/\/www.fg-berlin.eu\/blogs\/langues-anciennes\/wp-content\/uploads\/sites\/31\/2020\/11\/Programmes.006.jpeg\" alt=\"\" data-id=\"287\" data-full-url=\"https:\/\/www.fg-berlin.eu\/blogs\/langues-anciennes\/wp-content\/uploads\/sites\/31\/2020\/11\/Programmes.006.jpeg\" data-link=\"https:\/\/www.fg-berlin.eu\/blogs\/langues-anciennes\/programmes-du-lycee\/programmes-006\/\" class=\"wp-image-287\" srcset=\"https:\/\/www.fg-berlin.eu\/blogs\/langues-anciennes\/wp-content\/uploads\/sites\/31\/2020\/11\/Programmes.006.jpeg 1024w, https:\/\/www.fg-berlin.eu\/blogs\/langues-anciennes\/wp-content\/uploads\/sites\/31\/2020\/11\/Programmes.006-300x225.jpeg 300w, https:\/\/www.fg-berlin.eu\/blogs\/langues-anciennes\/wp-content\/uploads\/sites\/31\/2020\/11\/Programmes.006-768x576.jpeg 768w\" sizes=\"auto, (max-width: 1024px) 100vw, 1024px\" \/><\/figure><\/li><li class=\"blocks-gallery-item\"><figure><img loading=\"lazy\" decoding=\"async\" width=\"1024\" height=\"768\" src=\"https:\/\/www.fg-berlin.eu\/blogs\/langues-anciennes\/wp-content\/uploads\/sites\/31\/2020\/11\/Programmes.005.jpeg\" alt=\"\" data-id=\"288\" data-full-url=\"https:\/\/www.fg-berlin.eu\/blogs\/langues-anciennes\/wp-content\/uploads\/sites\/31\/2020\/11\/Programmes.005.jpeg\" data-link=\"https:\/\/www.fg-berlin.eu\/blogs\/langues-anciennes\/programmes-du-lycee\/programmes-005\/\" class=\"wp-image-288\" srcset=\"https:\/\/www.fg-berlin.eu\/blogs\/langues-anciennes\/wp-content\/uploads\/sites\/31\/2020\/11\/Programmes.005.jpeg 1024w, https:\/\/www.fg-berlin.eu\/blogs\/langues-anciennes\/wp-content\/uploads\/sites\/31\/2020\/11\/Programmes.005-300x225.jpeg 300w, https:\/\/www.fg-berlin.eu\/blogs\/langues-anciennes\/wp-content\/uploads\/sites\/31\/2020\/11\/Programmes.005-768x576.jpeg 768w\" sizes=\"auto, (max-width: 1024px) 100vw, 1024px\" \/><\/figure><\/li><\/ul><figcaption class=\"blocks-gallery-caption\">Le programme de seconde en latin et en grec<\/figcaption><\/figure>\n\n\n\n<p><\/p>\n","protected":false},"excerpt":{"rendered":"<p>Vous pouvez ici t\u00e9l\u00e9charger les fiches r\u00e9sumant le programme de chacune des classes de lyc\u00e9e, de la 10. \u00e0 la 12. Ici, un fichier d\u00e9taillant le programme de seconde\/10. Kl et sa mise en \u0153uvre pour le cours de latin et le cours de grec&nbsp;:<\/p>\n","protected":false},"author":10,"featured_media":0,"parent":0,"menu_order":0,"comment_status":"closed","ping_status":"closed","template":"","meta":{"footnotes":""},"class_list":["post-2","page","type-page","status-publish","hentry"],"_links":{"self":[{"href":"https:\/\/www.fg-berlin.eu\/blogs\/langues-anciennes\/wp-json\/wp\/v2\/pages\/2","targetHints":{"allow":["GET"]}}],"collection":[{"href":"https:\/\/www.fg-berlin.eu\/blogs\/langues-anciennes\/wp-json\/wp\/v2\/pages"}],"about":[{"href":"https:\/\/www.fg-berlin.eu\/blogs\/langues-anciennes\/wp-json\/wp\/v2\/types\/page"}],"author":[{"embeddable":true,"href":"https:\/\/www.fg-berlin.eu\/blogs\/langues-anciennes\/wp-json\/wp\/v2\/users\/10"}],"replies":[{"embeddable":true,"href":"https:\/\/www.fg-berlin.eu\/blogs\/langues-anciennes\/wp-json\/wp\/v2\/comments?post=2"}],"version-history":[{"count":6,"href":"https:\/\/www.fg-berlin.eu\/blogs\/langues-anciennes\/wp-json\/wp\/v2\/pages\/2\/revisions"}],"predecessor-version":[{"id":321,"href":"https:\/\/www.fg-berlin.eu\/blogs\/langues-anciennes\/wp-json\/wp\/v2\/pages\/2\/revisions\/321"}],"wp:attachment":[{"href":"https:\/\/www.fg-berlin.eu\/blogs\/langues-anciennes\/wp-json\/wp\/v2\/media?parent=2"}],"curies":[{"name":"wp","href":"https:\/\/api.w.org\/{rel}","templated":true}]}}