{"id":2,"date":"2024-05-07T21:56:48","date_gmt":"2024-05-07T19:56:48","guid":{"rendered":"https:\/\/www.fg-berlin.eu\/blogs\/bep24\/?page_id=2"},"modified":"2024-06-24T14:16:57","modified_gmt":"2024-06-24T12:16:57","slug":"page-d-exemple","status":"publish","type":"page","link":"https:\/\/www.fg-berlin.eu\/blogs\/bep24\/","title":{"rendered":"`A propos"},"content":{"rendered":"\n<p>Du 6 au 8 mai 2024, le lyc\u00e9e fran\u00e7ais de Berlin a accueilli pr\u00e8s de 200 \u00e9l\u00e8ves provenant de six \u00e9tablissements : le lyc\u00e9e fran\u00e7ais de Vienne, le lyc\u00e9e fran\u00e7ais Ren\u00e9 Goscinny de Varsovie, le lyc\u00e9e fran\u00e7ais Simone Weil de D\u00fcsseldorf, le lyc\u00e9e fran\u00e7ais Winston Churchill de Londres, ainsi que deux lyc\u00e9es berlinois, le Schiller Gymnasium et le Dreilinden Gymnasium. Les pr\u00e9sidents de la commission ont affirm\u00e9 avoir v\u00e9cu une exp\u00e9rience inoubliable, remplie de nouvelles rencontres et une mani\u00e8re d&rsquo;apprendre davantage sur les sujets qui sont aujourd&rsquo;hui au c\u0153ur du Parlement europ\u00e9en.<\/p>\n\n\n\n<figure class=\"wp-block-image size-large\"><img loading=\"lazy\" decoding=\"async\" width=\"1024\" height=\"683\" src=\"http:\/\/www.fg-berlin.eu\/blogs\/bep24\/wp-content\/uploads\/sites\/36\/2024\/06\/BEP-1024x683.jpg\" alt=\"\" class=\"wp-image-46\" srcset=\"https:\/\/www.fg-berlin.eu\/blogs\/bep24\/wp-content\/uploads\/sites\/36\/2024\/06\/BEP-1024x683.jpg 1024w, https:\/\/www.fg-berlin.eu\/blogs\/bep24\/wp-content\/uploads\/sites\/36\/2024\/06\/BEP-300x200.jpg 300w, https:\/\/www.fg-berlin.eu\/blogs\/bep24\/wp-content\/uploads\/sites\/36\/2024\/06\/BEP-768x512.jpg 768w, https:\/\/www.fg-berlin.eu\/blogs\/bep24\/wp-content\/uploads\/sites\/36\/2024\/06\/BEP.jpg 1500w\" sizes=\"auto, (max-width: 1024px) 100vw, 1024px\" \/><\/figure>\n","protected":false},"excerpt":{"rendered":"<p>Du 6 au 8 mai 2024, le lyc\u00e9e fran\u00e7ais de Berlin a accueilli pr\u00e8s de 200 \u00e9l\u00e8ves provenant de six \u00e9tablissements : le lyc\u00e9e fran\u00e7ais de Vienne, le lyc\u00e9e fran\u00e7ais Ren\u00e9 Goscinny de Varsovie, le lyc\u00e9e fran\u00e7ais Simone Weil de D\u00fcsseldorf, le lyc\u00e9e fran\u00e7ais Winston Churchill de Londres, ainsi que deux lyc\u00e9es berlinois, le Schiller &hellip; <a href=\"https:\/\/www.fg-berlin.eu\/blogs\/bep24\/\" class=\"more-link\">Continuer la lecture de <span class=\"screen-reader-text\">`A propos<\/span><\/a><\/p>\n","protected":false},"author":10,"featured_media":0,"parent":0,"menu_order":0,"comment_status":"closed","ping_status":"open","template":"","meta":{"footnotes":""},"class_list":["post-2","page","type-page","status-publish","hentry"],"_links":{"self":[{"href":"https:\/\/www.fg-berlin.eu\/blogs\/bep24\/wp-json\/wp\/v2\/pages\/2","targetHints":{"allow":["GET"]}}],"collection":[{"href":"https:\/\/www.fg-berlin.eu\/blogs\/bep24\/wp-json\/wp\/v2\/pages"}],"about":[{"href":"https:\/\/www.fg-berlin.eu\/blogs\/bep24\/wp-json\/wp\/v2\/types\/page"}],"author":[{"embeddable":true,"href":"https:\/\/www.fg-berlin.eu\/blogs\/bep24\/wp-json\/wp\/v2\/users\/10"}],"replies":[{"embeddable":true,"href":"https:\/\/www.fg-berlin.eu\/blogs\/bep24\/wp-json\/wp\/v2\/comments?post=2"}],"version-history":[{"count":2,"href":"https:\/\/www.fg-berlin.eu\/blogs\/bep24\/wp-json\/wp\/v2\/pages\/2\/revisions"}],"predecessor-version":[{"id":47,"href":"https:\/\/www.fg-berlin.eu\/blogs\/bep24\/wp-json\/wp\/v2\/pages\/2\/revisions\/47"}],"wp:attachment":[{"href":"https:\/\/www.fg-berlin.eu\/blogs\/bep24\/wp-json\/wp\/v2\/media?parent=2"}],"curies":[{"name":"wp","href":"https:\/\/api.w.org\/{rel}","templated":true}]}}